{"id":17,"date":"2025-02-20T08:48:21","date_gmt":"2025-02-20T12:48:21","guid":{"rendered":"http:\/\/octavatarija.org\/?page_id=17"},"modified":"2025-10-28T10:47:21","modified_gmt":"2025-10-28T14:47:21","slug":"17-2","status":"publish","type":"page","link":"https:\/\/octavatarija.org\/","title":{"rendered":""},"content":{"rendered":"\n<div class=\"wp-block-stackable-image-box stk-block-image-box stk-hover-parent stk-block stk-ae7e000 is-style-default\" data-block-id=\"ae7e000\"><div class=\"stk-block-content stk-inner-blocks has-text-align-center stk-row stk-block-image-box__content\">\n<div class=\"wp-block-stackable-image stk-block-image stk-block stk-b736751\" data-block-id=\"b736751\"><style>.stk-b736751 {border-top-left-radius:50px !important;border-top-right-radius:50px !important;border-bottom-right-radius:50px !important;border-bottom-left-radius:50px !important;overflow:hidden !important;box-shadow:none !important;}.stk-b736751 .stk-img-wrapper{height:545px !important;}.stk-b736751 .stk-img-wrapper img{filter:brightness(1.2) !important;object-position:31% 28.999999999999996% !important;}:where(.stk-hover-parent:hover,  .stk-hover-parent.stk--is-hovered) .stk-b736751 .stk-img-wrapper::after{background-color:#000000B3 !important;}<\/style><figure><span class=\"stk-img-wrapper stk-image--shape-stretch\"><img loading=\"lazy\" decoding=\"async\" class=\"stk-img wp-image-24\" src=\"http:\/\/octavatarija.org\/wp-content\/uploads\/2025\/02\/photo_2025-02-20_19-57-09.jpg\" width=\"1280\" height=\"857\"\/><\/span><\/figure><\/div>\n\n\n\n<div class=\"wp-block-stackable-column stk-block-column stk-column stk-block stk-5a28b56\" data-v=\"4\" data-block-id=\"5a28b56\"><style>.stk-5a28b56 {align-items:center !important;display:flex !important;}<\/style><div class=\"stk-column-wrapper stk-block-column__content stk-container stk-5a28b56-container stk--no-background stk--no-padding\"><div class=\"stk-block-content stk-inner-blocks stk-5a28b56-inner-blocks\">\n<div class=\"wp-block-stackable-subtitle stk-block-subtitle stk-block stk-da5dc92\" data-block-id=\"da5dc92\"><style>.stk-da5dc92 {margin-bottom:8px !important;opacity:1 !important;}:where(.stk-hover-parent:hover,  .stk-hover-parent.stk--is-hovered) .stk-da5dc92{opacity:1 !important;}.stk-da5dc92 .stk-block-subtitle__text{color:#FFFFFF !important;}<\/style><p class=\"stk-block-subtitle__text stk-subtitle has-text-color has-white-color has-text-align-left\">Bienvenidos a la Fundaci\u00f3n Octava<\/p><\/div>\n\n\n\n<div class=\"wp-block-stackable-heading stk-block-heading stk-block-heading--v2 stk-block stk-0760758\" id=\"nuestro-compromiso-es-brindar-un-espacio-br-donde-la-musica-inspire-conecte-y-transforme-vidas\" data-block-id=\"0760758\"><style>.stk-0760758 .stk-block-heading__text{color:#FFFFFF !important;}<\/style><h4 class=\"stk-block-heading__text has-text-color has-white-color has-text-align-left\">Nuestro compromiso es brindar un espacio <br>donde la m\u00fasica inspire, conecte y transforme vidas.<\/h4><\/div>\n\n\n\n<div class=\"wp-block-stackable-text stk-block-text stk-block stk-075f2ed\" data-block-id=\"075f2ed\"><style>.stk-075f2ed {opacity:1 !important;}:where(.stk-hover-parent:hover,  .stk-hover-parent.stk--is-hovered) .stk-075f2ed{opacity:1 !important;}.stk-075f2ed .stk-block-text__text{color:#FFFFFF !important;}<\/style><p class=\"stk-block-text__text has-text-color has-white-color has-text-align-left\">En la Fundaci\u00f3n Octava, creemos en el poder transformador <br>de la m\u00fasica como herramienta de desarrollo social y personal<\/p><\/div>\n\n\n\n<p><\/p>\n<\/div><\/div><\/div>\n<\/div><\/div>\n\n\n\n<div class=\"wp-block-stackable-separator alignfull stk-block-separator stk--no-padding stk-block stk-442964c\" data-block-id=\"442964c\"><style>.stk-442964c {margin-bottom:0px !important;}<\/style><div class=\"stk-block-separator__inner\"><svg xmlns=\"http:\/\/www.w3.org\/2000\/svg\" viewBox=\"0 0 1600 200\" class=\"stk-separator__layer-1\" preserveAspectRatio=\"none\" aria-hidden=\"true\"><path class=\"wave-1_svg__st2\" d=\"M1341.4 48.9c-182.4 0-254.2 80.4-429.4 80.4-117.8 0-209.7-67.5-393.5-67.5-142.2 0-212.6 38.8-324.6 38.8S-10 64.7-10 64.7V210h1620V102c-110.6-40.2-181-53.1-268.6-53.1z\"><\/path><\/svg><\/div><\/div>\n\n\n\n<h2 class=\"wp-block-heading\">Eventos pasados<\/h2>\n\n\n\n<div class=\"wp-block-stackable-posts stk-block-posts stk-block stk-0dae0c9 is-style-default\" data-v=\"2\" data-block-id=\"0dae0c9\"><style>.stk-0dae0c9 {--stk-columns:3 !important;min-height:var(--stk--preset--block-height--none, 0px) !important;max-width:1500px !important;min-width:auto !important;padding-top:0px !important;padding-right:0px !important;padding-bottom:0px !important;padding-left:0px !important;}.stk-0dae0c9 .stk-img-wrapper{aspect-ratio:1\/1 !important;width:100% !important;height:auto !important;}@media screen and (max-width:999px){.stk-0dae0c9 {--stk-columns:2 !important;}.stk-0dae0c9 .stk-img-wrapper{height:auto !important;}}@media screen and (max-width:689px){.stk-0dae0c9 {--stk-columns:1 !important;}.stk-0dae0c9 .stk-img-wrapper{height:auto !important;}}<\/style><div class=\"stk-inner-blocks stk-content-align stk-0dae0c9-column\"><div class=\"stk-block-posts__items\"><div class=\"stk-block-posts__item\"><div class=\"stk-container stk-0dae0c9-container stk--no-background stk--no-padding\"><article><figure class=\"stk-img-wrapper stk-image--shape-stretch\"><img loading=\"lazy\" decoding=\"async\" width=\"120\" height=\"150\" src=\"https:\/\/octavatarija.org\/wp-content\/uploads\/2025\/11\/577028052_1187966020145676_5056246951232271787_n.jpg\" class=\"attachment-thumbnail size-thumbnail wp-post-image\" alt=\"\" \/><\/figure><h4 class=\"stk-block-posts__title\"><a href='https:\/\/octavatarija.org\/?p=431'>Encuentro Binacional de las Orquestas Acad\u00e9micas Tarija\/ Salta<\/a><\/h4><div class=\"stk-block-posts__excerpt\"><p>El pr\u00f3ximo 23 de noviembre, la ciudad de Tarija, Bolivia, ser\u00e1 testigo de un emotivo encuentro musical que celebra la juventud, el talento y la cultura: el Encuentro Binacional de las Orquestas Acad\u00e9micas Tarija \/ Salta 2025. Durante este evento, los m\u00fasicos de la Orquesta Acad\u00e9mica de Tarija (Fundaci\u00f3n Musical Octava) y la Orquesta Acad\u00e9mica&hellip;<\/p>\n<\/div><a class=\"stk-block-posts__readmore\" href=\"https:\/\/octavatarija.org\/?p=431\">Seguir leyendo<\/a><\/article><\/div><\/div><div class=\"stk-block-posts__item\"><div class=\"stk-container stk-0dae0c9-container stk--no-background stk--no-padding\"><article><figure class=\"stk-img-wrapper stk-image--shape-stretch\"><img loading=\"lazy\" decoding=\"async\" width=\"120\" height=\"150\" src=\"https:\/\/octavatarija.org\/wp-content\/uploads\/2025\/10\/560458036_18327359725234153_3852091999809698129_n.jpg\" class=\"attachment-thumbnail size-thumbnail wp-post-image\" alt=\"\" \/><\/figure><h4 class=\"stk-block-posts__title\"><a href='https:\/\/octavatarija.org\/?p=404'>CONCIERTO DE FANTAS\u00cdA MUSICAL junto a la Orquesta Acad\u00e9mica de Tarija<\/a><\/h4><div class=\"stk-block-posts__excerpt\"><p>Una noche donde la imaginaci\u00f3n y el arte se encuentran en el escenario, uniendo la emoci\u00f3n del cine con la fuerza orquestal en un repertorio lleno de fantas\u00eda. 20 de octubre 19:30 hrs Teatro de la Cultura \u2013 Tarija Adhesi\u00f3n: 20 Bs Contacto: wa.me\/59170215391 \/ wa.me\/59172949700 Una experiencia donde la m\u00fasica despierta la imaginaci\u00f3n y&hellip;<\/p>\n<\/div><a class=\"stk-block-posts__readmore\" href=\"https:\/\/octavatarija.org\/?p=404\">Seguir leyendo<\/a><\/article><\/div><\/div><div class=\"stk-block-posts__item\"><div class=\"stk-container stk-0dae0c9-container stk--no-background stk--no-padding\"><article><figure class=\"stk-img-wrapper stk-image--shape-stretch\"><img loading=\"lazy\" decoding=\"async\" width=\"106\" height=\"150\" src=\"https:\/\/octavatarija.org\/wp-content\/uploads\/2025\/09\/Concierto-sinfonico9-1.png\" class=\"attachment-thumbnail size-thumbnail wp-post-image\" alt=\"\" \/><\/figure><h4 class=\"stk-block-posts__title\"><a href='https:\/\/octavatarija.org\/?p=348'>Concierto de temporada Orquesta Acad\u00e9mica de Tarija<\/a><\/h4><div class=\"stk-block-posts__excerpt\"><p>\ud83c\udfb6 \u00a1Gran Concierto de Temporada en Tarija!La Orquesta Acad\u00e9mica de Tarija te invita a una noche m\u00e1gica de m\u00fasica cl\u00e1sica que cautivar\u00e1 todos tus sentidos. \ud83d\udcc5 Fecha: 8 de septiembre\ud83d\udccd Lugar: Teatro de la Cultura de Tarija\ud83d\udd57 Hora: 19:30 \u2728 Obras de grandes compositores interpretadas con pasi\u00f3n por una orquesta que eleva el talento joven&hellip;<\/p>\n<\/div><a class=\"stk-block-posts__readmore\" href=\"https:\/\/octavatarija.org\/?p=348\">Seguir leyendo<\/a><\/article><\/div><\/div><div class=\"stk-block-posts__item\"><div class=\"stk-container stk-0dae0c9-container stk--no-background stk--no-padding\"><article><figure class=\"stk-img-wrapper stk-image--shape-stretch\"><img loading=\"lazy\" decoding=\"async\" width=\"150\" height=\"84\" src=\"https:\/\/octavatarija.org\/wp-content\/uploads\/2025\/05\/498547658_1052930043649275_1462895778922819768_n.jpg\" class=\"attachment-thumbnail size-thumbnail wp-post-image\" alt=\"\" \/><\/figure><h4 class=\"stk-block-posts__title\"><a href='https:\/\/octavatarija.org\/?p=236'>Concierto de Temporada de la Orquesta Acad\u00e9mica de Tarija: Una Noche de Emoci\u00f3n y Excelencia Musical en la Casa Dorada<\/a><\/h4><div class=\"stk-block-posts__excerpt\"><p>El lunes 19 de mayo, el emblem\u00e1tico Teatro de la Casa Dorada de Tarija fue escenario de un memorable Concierto de Temporada, protagonizado por la Orquesta Acad\u00e9mica de Tarija, con la destacada participaci\u00f3n de la Orquesta Infantil y la Orquesta Camerata. El evento, organizado por la Fundaci\u00f3n Musical Octava, fue una verdadera celebraci\u00f3n del talento&hellip;<\/p>\n<\/div><a class=\"stk-block-posts__readmore\" href=\"https:\/\/octavatarija.org\/?p=236\">Seguir leyendo<\/a><\/article><\/div><\/div><div class=\"stk-block-posts__item\"><div class=\"stk-container stk-0dae0c9-container stk--no-background stk--no-padding\"><article><figure class=\"stk-img-wrapper stk-image--shape-stretch\"><img loading=\"lazy\" decoding=\"async\" width=\"150\" height=\"68\" src=\"https:\/\/octavatarija.org\/wp-content\/uploads\/2025\/05\/photo_2025-05-11_11-57-04.jpg\" class=\"attachment-thumbnail size-thumbnail wp-post-image\" alt=\"\" \/><\/figure><h4 class=\"stk-block-posts__title\"><a href='https:\/\/octavatarija.org\/?p=224'>\u201cM\u00fasica por la Paz\u201d<\/a><\/h4><div class=\"stk-block-posts__excerpt\"><p>Tarija, Bolivia \u201cM\u00fasica por la Paz\u201d: concierto en conmemoraci\u00f3n del 80 aniversario de la Victoria del pueblo sovi\u00e9tico en la Segunda Guerra Mundial. En la ciudad de Tarija se celebr\u00f3 el evento privado internacional \u201cM\u00fasica por la Paz\u201d, con motivo del 80 aniversario de la Victoria del pueblo sovi\u00e9tico en la Segunda Guerra Mundial. Asistieron&hellip;<\/p>\n<\/div><a class=\"stk-block-posts__readmore\" href=\"https:\/\/octavatarija.org\/?p=224\">Seguir leyendo<\/a><\/article><\/div><\/div><\/div><div class=\"stk-inner-blocks\"><\/div><\/div><\/div>\n\n\n\n<div class=\"wp-block-stackable-divider stk-block-divider stk-block stk-ebd2c4b\" data-block-id=\"ebd2c4b\"><hr class=\"stk-block-divider__hr\"\/><\/div>\n\n\n\n<h2 class=\"wp-block-heading\">Testimonios<\/h2>\n\n\n\n<div class=\"wp-block-stackable-posts stk-block-posts stk-block stk-b46e994 is-style-default\" data-v=\"2\" data-block-id=\"b46e994\"><style>.stk-b46e994 {--stk-columns:4 !important;}.stk-b46e994 .stk-img-wrapper{aspect-ratio:1\/1 !important;width:100% !important;height:auto !important;}@media screen and (max-width:999px){.stk-b46e994 {--stk-columns:2 !important;}.stk-b46e994 .stk-img-wrapper{height:auto !important;}}@media screen and (max-width:689px){.stk-b46e994 {--stk-columns:1 !important;}.stk-b46e994 .stk-img-wrapper{height:auto !important;}}<\/style><div class=\"stk-inner-blocks stk-content-align stk-b46e994-column\"><div class=\"stk-block-posts__items\"><div class=\"stk-block-posts__item\"><div class=\"stk-container stk-b46e994-container stk--no-background stk--no-padding\"><article><a href=\"https:\/\/octavatarija.org\/?p=390\" class=\"stk-block-posts__image-link\"><figure class=\"stk-img-wrapper stk-image--shape-stretch\"><img loading=\"lazy\" decoding=\"async\" width=\"150\" height=\"75\" src=\"https:\/\/octavatarija.org\/wp-content\/uploads\/2025\/09\/formacion-infantil-3.jpg\" class=\"attachment-thumbnail size-thumbnail wp-post-image\" alt=\"\" \/><\/figure><\/a><h3 class=\"stk-block-posts__title\"><a href='https:\/\/octavatarija.org\/?p=390'>Experiencia Positiva \u201cOctava\u201d Fundaci\u00f3n Musical<\/a><\/h3><div class=\"stk-block-posts__excerpt\"><p>Leandro ingreso a la Octava a los 8 a\u00f1os, desde peque\u00f1o le gustaba jugar con un viol\u00edn de juguete, que le llamaba mucho la atenci\u00f3n, \u00e9l es un ni\u00f1o sociable, muy alegre y en\u00e9rgico por lo que vimos conveniente canalizar esa energ\u00eda dem\u00e1s en la m\u00fasica. En el tiempo que pasa en la Octava a&hellip;<\/p>\n<\/div><a class=\"stk-block-posts__readmore\" href=\"https:\/\/octavatarija.org\/?p=390\">Seguir leyendo<\/a><\/article><\/div><\/div><div class=\"stk-block-posts__item\"><div class=\"stk-container stk-b46e994-container stk--no-background stk--no-padding\"><article><a href=\"https:\/\/octavatarija.org\/?p=385\" class=\"stk-block-posts__image-link\"><figure class=\"stk-img-wrapper stk-image--shape-stretch\"><img loading=\"lazy\" decoding=\"async\" width=\"150\" height=\"75\" src=\"https:\/\/octavatarija.org\/wp-content\/uploads\/2025\/09\/Imagen-de-WhatsApp-2025-09-10-a-las-08.45.54_9c316d06.jpg\" class=\"attachment-thumbnail size-thumbnail wp-post-image\" alt=\"\" \/><\/figure><\/a><h3 class=\"stk-block-posts__title\"><a href='https:\/\/octavatarija.org\/?p=385'>Entre notas, disciplina y amistad: la experiencia de mi hija<\/a><\/h3><div class=\"stk-block-posts__excerpt\"><p>El amor por el arte, la m\u00fasica y el ballet ha sido una parte importante de nuestra familia. Ver a mi hija vivir su experiencia en la \u201cOrquesta Acad\u00e9mica de Tarija\u201d ha sido un viaje transformador. Bajo la direcci\u00f3n inspiradora de Laurent Astruc y la gu\u00eda apasionada de la profesora Valentina Janco, ella no solo&hellip;<\/p>\n<\/div><a class=\"stk-block-posts__readmore\" href=\"https:\/\/octavatarija.org\/?p=385\">Seguir leyendo<\/a><\/article><\/div><\/div><div class=\"stk-block-posts__item\"><div class=\"stk-container stk-b46e994-container stk--no-background stk--no-padding\"><article><a href=\"https:\/\/octavatarija.org\/?p=375\" class=\"stk-block-posts__image-link\"><figure class=\"stk-img-wrapper stk-image--shape-stretch\"><img loading=\"lazy\" decoding=\"async\" width=\"150\" height=\"124\" src=\"https:\/\/octavatarija.org\/wp-content\/uploads\/2025\/09\/photo_2025-09-09_19-31-34-2.jpg\" class=\"attachment-thumbnail size-thumbnail wp-post-image\" alt=\"\" \/><\/figure><\/a><h3 class=\"stk-block-posts__title\"><a href='https:\/\/octavatarija.org\/?p=375'>Descubriendo talentos y creando sue\u00f1os en familia<\/a><\/h3><div class=\"stk-block-posts__excerpt\"><p>C\u00f3mo padres que somos de gemelos y con el af\u00e1n de ayudarles a descubrir otros talentos e inculcar la m\u00fasica en sus vidas, conocimos a la Octava Orquesta y Coro del Valle Central de Tarija en un buen momento, por lo que los inscribimos y pasaron a formar parte de esta fundaci\u00f3n que con el&hellip;<\/p>\n<\/div><a class=\"stk-block-posts__readmore\" href=\"https:\/\/octavatarija.org\/?p=375\">Seguir leyendo<\/a><\/article><\/div><\/div><div class=\"stk-block-posts__item\"><div class=\"stk-container stk-b46e994-container stk--no-background stk--no-padding\"><article><a href=\"https:\/\/octavatarija.org\/?p=371\" class=\"stk-block-posts__image-link\"><figure class=\"stk-img-wrapper stk-image--shape-stretch\"><img loading=\"lazy\" decoding=\"async\" width=\"150\" height=\"91\" src=\"https:\/\/octavatarija.org\/wp-content\/uploads\/2025\/09\/photo_2025-09-09_18-00-19.jpg\" class=\"attachment-thumbnail size-thumbnail wp-post-image\" alt=\"\" \/><\/figure><\/a><h3 class=\"stk-block-posts__title\"><a href='https:\/\/octavatarija.org\/?p=371'>El primer grupo donde mi hijo se sinti\u00f3 aceptado<\/a><\/h3><div class=\"stk-block-posts__excerpt\"><p>Para nuestra familia, fue muy importante el apoyo de OAT y los profesores que adem\u00e1s de la buena ense\u00f1anza acad\u00e9mica, logran un ambiente de compa\u00f1erismo entre los estudiantes. Mi hijo Rodrigo encontr\u00f3 un lugar donde se sinti\u00f3 aceptado y pudo socializar.. Es el primer grupo en el que se ha integrado y ha encontrado lindas&hellip;<\/p>\n<\/div><a class=\"stk-block-posts__readmore\" href=\"https:\/\/octavatarija.org\/?p=371\">Seguir leyendo<\/a><\/article><\/div><\/div><div class=\"stk-block-posts__item\"><div class=\"stk-container stk-b46e994-container stk--no-background stk--no-padding\"><article><a href=\"https:\/\/octavatarija.org\/?p=266\" class=\"stk-block-posts__image-link\"><figure class=\"stk-img-wrapper stk-image--shape-stretch\"><img loading=\"lazy\" decoding=\"async\" width=\"150\" height=\"113\" src=\"https:\/\/octavatarija.org\/wp-content\/uploads\/2025\/06\/498325388_1052929943649285_2051166000507928071_n.jpg\" class=\"attachment-thumbnail size-thumbnail wp-post-image\" alt=\"\" \/><\/figure><\/a><h3 class=\"stk-block-posts__title\"><a href='https:\/\/octavatarija.org\/?p=266'>Nos mudamos a Tarija por un entorno sano donde pueden crecer nuestros hijos\u2026 y encontramos mucho m\u00e1s<\/a><\/h3><div class=\"stk-block-posts__excerpt\"><p>Como familia, siempre supimos que quer\u00edamos que nuestros hijos crecieran rodeados de arte, de sensibilidad, de algo que los inspirara y los hiciera vibrar. La m\u00fasica siempre fue parte de nuestras vidas, pero sent\u00edamos que necesitaban un espacio donde esa pasi\u00f3n pudiera florecer de verdad. As\u00ed llegamos a conocer a la Octava &#8211; Orquesta y&hellip;<\/p>\n<\/div><a class=\"stk-block-posts__readmore\" href=\"https:\/\/octavatarija.org\/?p=266\">Seguir leyendo<\/a><\/article><\/div><\/div><\/div><div class=\"stk-inner-blocks\"><\/div><\/div><\/div>\n\n\n\n<div class=\"wp-block-stackable-separator alignfull stk-block-separator stk--no-padding stk-block stk-834cf4d\" data-block-id=\"834cf4d\"><style>.stk-834cf4d {transform:scaleX(-1) scaleY(-1) !important;}<\/style><div class=\"stk-block-separator__inner\"><svg xmlns=\"http:\/\/www.w3.org\/2000\/svg\" viewBox=\"0 0 1600 200\" class=\"stk-separator__layer-1\" preserveAspectRatio=\"none\" aria-hidden=\"true\"><path class=\"wave-3_svg__st2\" d=\"M1413.6 161.4c-157.9 0-338.2-37.7-495.1-67.4-215.6-40.8-328.1-44.6-418.2-41.1S317 73.4 188.4 102-10 136.2-10 136.2v74.2h1620v-68.5s-68.8 19.5-196.4 19.5z\"><\/path><\/svg><\/div><\/div>\n\n\n\n<div class=\"wp-block-media-text has-media-on-the-right is-stacked-on-mobile\" style=\"grid-template-columns:auto 28%\"><div class=\"wp-block-media-text__content\">\n<h4 class=\"wp-block-heading\">Gracias a tu apoyo nuestra comunidad escribe melod\u00edas que inspiran un futuro lleno de <strong>oportunidades<\/strong><\/h4>\n\n\n\n<h3 class=\"wp-block-heading\">Haz una donaci\u00f3n<\/h3>\n\n\n\n<p><\/p>\n<\/div><figure class=\"wp-block-media-text__media\"><img loading=\"lazy\" decoding=\"async\" width=\"640\" height=\"640\" src=\"http:\/\/octavatarija.org\/wp-content\/uploads\/2025\/05\/photo_2025-05-15_22-26-32.jpg\" alt=\"\" class=\"wp-image-212 size-full\"\/><\/figure><\/div>\n","protected":false},"excerpt":{"rendered":"<p>Bienvenidos a la Fundaci\u00f3n Octava Nuestro compromiso es brindar un espacio donde la m\u00fasica inspire, conecte y transforme vidas. En la Fundaci\u00f3n Octava, creemos en el poder transformador de la m\u00fasica como herramienta de desarrollo social y personal Eventos pasados Encuentro Binacional de las Orquestas Acad\u00e9micas Tarija\/ Salta El pr\u00f3ximo 23 de noviembre, la ciudad [&hellip;]<\/p>\n","protected":false},"author":1,"featured_media":382,"parent":0,"menu_order":0,"comment_status":"closed","ping_status":"closed","template":"","meta":{"pgc_sgb_lightbox_settings":"","footnotes":""},"class_list":["post-17","page","type-page","status-publish","has-post-thumbnail","hentry"],"blocksy_meta":[],"_links":{"self":[{"href":"https:\/\/octavatarija.org\/index.php?rest_route=\/wp\/v2\/pages\/17","targetHints":{"allow":["GET"]}}],"collection":[{"href":"https:\/\/octavatarija.org\/index.php?rest_route=\/wp\/v2\/pages"}],"about":[{"href":"https:\/\/octavatarija.org\/index.php?rest_route=\/wp\/v2\/types\/page"}],"author":[{"embeddable":true,"href":"https:\/\/octavatarija.org\/index.php?rest_route=\/wp\/v2\/users\/1"}],"replies":[{"embeddable":true,"href":"https:\/\/octavatarija.org\/index.php?rest_route=%2Fwp%2Fv2%2Fcomments&post=17"}],"version-history":[{"count":31,"href":"https:\/\/octavatarija.org\/index.php?rest_route=\/wp\/v2\/pages\/17\/revisions"}],"predecessor-version":[{"id":429,"href":"https:\/\/octavatarija.org\/index.php?rest_route=\/wp\/v2\/pages\/17\/revisions\/429"}],"wp:featuredmedia":[{"embeddable":true,"href":"https:\/\/octavatarija.org\/index.php?rest_route=\/wp\/v2\/media\/382"}],"wp:attachment":[{"href":"https:\/\/octavatarija.org\/index.php?rest_route=%2Fwp%2Fv2%2Fmedia&parent=17"}],"curies":[{"name":"wp","href":"https:\/\/api.w.org\/{rel}","templated":true}]}}